{"id":874,"date":"2024-01-17T16:17:18","date_gmt":"2024-01-17T15:17:18","guid":{"rendered":"https:\/\/www.ptchrnr.pl\/?page_id=874"},"modified":"2024-04-26T05:11:53","modified_gmt":"2024-04-26T04:11:53","slug":"ii-zjazd-ptchrnr-2024","status":"publish","type":"page","link":"https:\/\/www.ptchrnr.pl\/en\/ii-zjazd-ptchrnr-2024\/","title":{"rendered":"II POS Meeting 2024"},"content":{"rendered":"<div class=\"wp-block-image\">\n<figure class=\"aligncenter size-large is-resized\"><img loading=\"lazy\" decoding=\"async\" width=\"1024\" height=\"326\" src=\"https:\/\/www.ptchrnr.pl\/wp-content\/uploads\/2022\/10\/PTChRNR_pol_ang-1024x326.png\" alt=\"\" class=\"wp-image-616\" style=\"width:298px;height:auto\" srcset=\"https:\/\/www.ptchrnr.pl\/wp-content\/uploads\/2022\/10\/PTChRNR_pol_ang-1024x326.png 1024w, https:\/\/www.ptchrnr.pl\/wp-content\/uploads\/2022\/10\/PTChRNR_pol_ang-300x96.png 300w, https:\/\/www.ptchrnr.pl\/wp-content\/uploads\/2022\/10\/PTChRNR_pol_ang-768x245.png 768w, https:\/\/www.ptchrnr.pl\/wp-content\/uploads\/2022\/10\/PTChRNR_pol_ang-1536x489.png 1536w, https:\/\/www.ptchrnr.pl\/wp-content\/uploads\/2022\/10\/PTChRNR_pol_ang-240x76.png 240w, https:\/\/www.ptchrnr.pl\/wp-content\/uploads\/2022\/10\/PTChRNR_pol_ang.png 1655w\" sizes=\"auto, (max-width: 1024px) 100vw, 1024px\" \/><\/figure>\n<\/div>\n\n\n<p><\/p>\n\n\n<div class=\"wp-block-image\">\n<figure class=\"aligncenter size-full is-resized\"><img loading=\"lazy\" decoding=\"async\" width=\"989\" height=\"675\" src=\"https:\/\/www.ptchrnr.pl\/wp-content\/uploads\/2024\/01\/zamek_moszna.png\" alt=\"\" class=\"wp-image-876\" style=\"width:840px;height:auto\" srcset=\"https:\/\/www.ptchrnr.pl\/wp-content\/uploads\/2024\/01\/zamek_moszna.png 989w, https:\/\/www.ptchrnr.pl\/wp-content\/uploads\/2024\/01\/zamek_moszna-300x205.png 300w, https:\/\/www.ptchrnr.pl\/wp-content\/uploads\/2024\/01\/zamek_moszna-768x524.png 768w, https:\/\/www.ptchrnr.pl\/wp-content\/uploads\/2024\/01\/zamek_moszna-18x12.png 18w, https:\/\/www.ptchrnr.pl\/wp-content\/uploads\/2024\/01\/zamek_moszna-240x164.png 240w\" sizes=\"auto, (max-width: 989px) 100vw, 989px\" \/><\/figure>\n<\/div>\n\n\n<p><\/p>\n\n\n\n<p class=\"has-text-align-center\"><strong>\u201eOrtoplastyka\u201d II Zjazd Naukowo-Szkoleniowy&nbsp;<\/strong><\/p>\n\n\n\n<p class=\"has-text-align-center\"><strong>Polish Orthoplastic Society<\/strong><\/p>\n\n\n\n<p class=\"has-text-align-center\"><strong>11 &#8211; 13 kwietnia 2024 r. Zamek w Mosznej<\/strong><\/p>\n\n\n\n<p class=\"has-text-align-center\">Congress Venue:<\/p>\n\n\n\n<p class=\"has-text-align-center\">Zamek w Mosznej<\/p>\n\n\n\n<p class=\"has-text-align-center\">Moszna, ul. Zamkowa 1, 47-370 Zielina <\/p>\n\n\n\n<hr class=\"wp-block-separator has-alpha-channel-opacity is-style-default\"\/>\n\n\n\n<p class=\"has-text-align-center\"><strong>Congress Program<\/strong><\/p>\n\n\n\n<p><strong>11 kwietnia 2024<\/strong><strong>&nbsp;(Thursday)<\/strong><strong><\/strong><\/p>\n\n\n\n<p class=\"has-text-align-left\"><strong>20.00&nbsp;&nbsp;&nbsp;&nbsp;&nbsp;&nbsp;&nbsp;&nbsp;&nbsp;&nbsp;&nbsp;&nbsp;&nbsp;&nbsp;&nbsp;&nbsp;&nbsp;&nbsp;&nbsp;&nbsp;&nbsp;&nbsp;&nbsp;Kolacja towarzyska<\/strong><\/p>\n\n\n\n<p><\/p>\n\n\n\n<hr class=\"wp-block-separator has-alpha-channel-opacity is-style-default\"\/>\n\n\n\n<p><strong>12 kwietnia 2024 r. (pi\u0105tek)<\/strong><strong><\/strong><\/p>\n\n\n\n<p><strong>08.30 &#8211; 10.3<strong>0&nbsp;&nbsp;&nbsp;&nbsp;&nbsp;&nbsp;&nbsp;&nbsp;&nbsp;<\/strong>Zwyczajne Walne Zebranie Cz\u0142onk\u00f3w PTChRNR&nbsp;<\/strong>(I termin 8:30, II termin 8:45)<\/p>\n\n\n\n<p>10.30&nbsp; &#8211; 11.00&nbsp;&nbsp;&nbsp;&nbsp;&nbsp;&nbsp;&nbsp;&nbsp;&nbsp;Przerwa kawowa<\/p>\n\n\n\n<hr class=\"wp-block-separator has-alpha-channel-opacity\"\/>\n\n\n\n<p><strong>11.00&nbsp;&nbsp;&nbsp;&#8211; 11.10&nbsp;&nbsp;&nbsp;&nbsp;&nbsp;&nbsp;&nbsp;&nbsp;&nbsp;Otwarcie II Zjazdu PTChRNR<\/strong><\/p>\n\n\n\n<p><strong>Sesja 1&nbsp;&nbsp;&nbsp;&nbsp;&nbsp;&nbsp;&nbsp;&nbsp;&nbsp;&nbsp;&nbsp;&nbsp;&nbsp;&nbsp;&nbsp;&nbsp;&nbsp;&nbsp;&nbsp;&nbsp;&nbsp;Rekonstrukcje ko\u015bci<\/strong><\/p>\n\n\n\n<p>11.10&nbsp;&nbsp;&nbsp;&#8211; 11.25&nbsp;&nbsp;&nbsp;&nbsp;&nbsp;&nbsp;&nbsp;&nbsp;&nbsp;P\u0142at strza\u0142kowy &#8211; Bartosz Ma\u0144kowski (Pozna\u0144)&nbsp;<\/p>\n\n\n\n<p>11.25&nbsp;&nbsp;&#8211; 11.40&nbsp;&nbsp;&nbsp;&nbsp;&nbsp;&nbsp;&nbsp;&nbsp;&nbsp;P\u0142at biodrowy &#8211; Andrzej Pawelec (Krak\u00f3w)<\/p>\n\n\n\n<p>11.40&nbsp;&nbsp;&#8211; 11.50&nbsp;&nbsp;&nbsp;&nbsp;&nbsp;&nbsp;&nbsp;&nbsp;&nbsp;Osteogeneza dystrakcyjna &#8211; Pawe\u0142 Maleta (Krak\u00f3w)<em><\/em><\/p>\n\n\n\n<p>11.50&nbsp;&nbsp;&#8211;&nbsp;12.00&nbsp;&nbsp;&nbsp;&nbsp;&nbsp;&nbsp;&nbsp;&nbsp;Metoda Masqueleta&nbsp;&#8211;&nbsp;Kamil Ko\u0142odziejczyk&nbsp;(Otwock)&nbsp;<\/p>\n\n\n\n<p>12.00&nbsp;&#8211;&nbsp;12.10&nbsp;&nbsp;&nbsp;&nbsp;&nbsp;&nbsp;&nbsp;&nbsp;&nbsp;Technika b\u0142ony indukowanej Masqueleta w rekonstrukcji ubytk\u00f3w kostnych &#8211;&nbsp;Kamil Ko\u0142odziejczyk, Rafa\u0142 Garlewicz, Marcin Z\u0142otorowicz, Jaros\u0142aw Czubak,&nbsp;(Otwock)<\/p>\n\n\n\n<p>12.10&nbsp;&nbsp;&#8211;&nbsp;12.20&nbsp;&nbsp;&nbsp;&nbsp;&nbsp;&nbsp;&nbsp;&nbsp;Rekonstrukcje mikrochirurgiczne ko\u015bci w ranach postrza\u0142owych &#8211; do\u015bwiadczenia zespo\u0142u 5.&nbsp;Wojskowego Szpitala w Krakowie&nbsp;&#8211;&nbsp;Andrzej Pawelec, Pawe\u0142 Maleta&nbsp;(Krak\u00f3w)<\/p>\n\n\n\n<p>12.20&nbsp;&nbsp;&#8211;&nbsp;12.30&nbsp;&nbsp;&nbsp;&nbsp;&nbsp;&nbsp;&nbsp;&nbsp;Rekonstrukcje ko\u015bci podudzia w ranach postrza\u0142owych i infekcjach za pomoc\u0105 aparatu Ilizarowa &#8211; do\u015bwiadczenia zespo\u0142u 5.Wojskowego Szpitala w&nbsp;Krakowie&nbsp;&#8211;&nbsp;Pawe\u0142 Maleta, Andrzej Pawelec&nbsp;(Krak\u00f3w)<\/p>\n\n\n\n<p>12.30&nbsp;&nbsp;&#8211;&nbsp;12.40&nbsp;&nbsp;&nbsp;&nbsp;&nbsp;&nbsp;&nbsp;&nbsp;Ocena wynik\u00f3w leczenia rekonstrukcyjnego w lokalizacji ko\u0144czynowej u&nbsp;dzieci&nbsp;z rozpoznaniem pierwotnego nowotworu ko\u015bci &#8211; \u0141ukasz Krakowczyk, Jakub Oprycha\u0142,&nbsp;Dominika Krakowczyk, Anna Raciborska, Bartosz Pachuta (Gliwice, Nieborowice, Warszawa)<\/p>\n\n\n\n<p>12.40&nbsp;&#8211;&nbsp;13.00&nbsp;&nbsp;&nbsp;&nbsp;&nbsp;&nbsp;&nbsp;&nbsp;Dyskusja<\/p>\n\n\n\n<p>13.00&nbsp;&#8211; 14.00&nbsp;&nbsp;&nbsp;&nbsp;&nbsp;&nbsp;&nbsp;&nbsp;Lunch<\/p>\n\n\n\n<p><strong>Sesja 2&nbsp;&nbsp;&nbsp;&nbsp;&nbsp;&nbsp;&nbsp;&nbsp;&nbsp;&nbsp;&nbsp;&nbsp;&nbsp;&nbsp;&nbsp;&nbsp;&nbsp;&nbsp;&nbsp;Tematy wolne, nowo\u015bci w chirurgii rekonstrukcyjnej<\/strong><\/p>\n\n\n\n<p>14.00&nbsp;&#8211; 14.15&nbsp;&nbsp;&nbsp;&nbsp;&nbsp;&nbsp;&nbsp;&nbsp;&nbsp;Robotyka w mikrochirurgii &#8211; Adam Domanasiewicz (Wroc\u0142aw)<\/p>\n\n\n\n<p>14.15&nbsp;&nbsp;&#8211;&nbsp;14.45&nbsp;&nbsp;&nbsp;&nbsp;&nbsp;&nbsp;&nbsp;&nbsp;Prezentacja&nbsp;mo\u017cliwo\u015bci&nbsp;robota mikrochirurgicznego&nbsp;&#8211;&nbsp;Tobias Menge (Medical Microinstruments Inc, Niemcy)<\/p>\n\n\n\n<p>14.45&nbsp;&#8211;&nbsp;14.55&nbsp;&nbsp;&nbsp;&nbsp;&nbsp;&nbsp;&nbsp;&nbsp;Etapowa rekonstrukcja urazu zmia\u017cd\u017ceniowego r\u0119ki p\u0142atem pachwinowym i&nbsp;wolnym p\u0142atem biodrowym&nbsp;&#8211; opis przypadku&nbsp;&#8211;&nbsp;Andrzej Pawelec, Pawe\u0142 Maleta, Jakub Marchewka, Mateusz&nbsp;Kaczmarczyk, Stanis\u0142aw Burkot, \u0141ukasz Wawrzyniak (Krak\u00f3w)<\/p>\n\n\n\n<p>14.55&nbsp;&#8211;&nbsp;15.05&nbsp;&nbsp;&nbsp;&nbsp;&nbsp;&nbsp;&nbsp;&nbsp;M\u00f3j najgorszy przypadek &#8211; dramat 12 latki &#8211; w rok od martwicy obu ko\u0144czyn dolnych do pierwszych krok\u00f3w &#8211; Kaja Gi\u017cewska-Kacprzak, Kuba Miego\u0144, Maximilian \u015aliwi\u0144ski, Szymon Grochans, Piotr Prowans,&nbsp;Ireneusz Walaszek (Szczecin)<\/p>\n\n\n\n<p>15.05&nbsp;&#8211;&nbsp;15.15&nbsp;&nbsp;&nbsp;&nbsp;&nbsp;&nbsp;&nbsp;&nbsp;&nbsp;Diagnostyka mikrobiologiczna i podstawowe zasady antybiotykoterapii zaka\u017ce\u0144 ko\u015bci i tkanek mi\u0119kkich&nbsp;&#8211;&nbsp;Arkadiusz Janusz (Wroc\u0142aw)<\/p>\n\n\n\n<p>15.15&nbsp;&nbsp;&#8211;&nbsp;15.25&nbsp;&nbsp;&nbsp;&nbsp;&nbsp;&nbsp;&nbsp;&nbsp;Leczenie zapale\u0144 ko\u015bci wywo\u0142anych przez bakterie wielolekooporne&nbsp;&#8211;&nbsp;Arkadiusz Janusz&nbsp;(Wroc\u0142aw)<\/p>\n\n\n\n<p>15.25&nbsp;&#8211;&nbsp;15.35&nbsp;&nbsp;&nbsp;&nbsp;&nbsp;&nbsp;&nbsp;&nbsp;Zaopatrzenie rozleg\u0142ych uraz\u00f3w skalpacyjnych ko\u0144czyn, na przyk\u0142adzie pacjent\u00f3w leczonych w OZNR. Urazy typu Morell-Lavalle &#8211; Szymon Menio, Jakub Zi\u00f3\u0142ek (Warszawa)<\/p>\n\n\n\n<p>15.35&nbsp;&#8211;&nbsp;15.45&nbsp;&nbsp;&nbsp;&nbsp;&nbsp;&nbsp;&nbsp;&nbsp;Mo\u017cliwo\u015bci zastosowania p\u0142ata DIEP w rekonstrukcji ko\u0144czyn &#8211; Rafa\u0142 Regu\u0142a (Piekary&nbsp;\u015al\u0105skie, Sosnowiec)<\/p>\n\n\n\n<p>15.45&nbsp;&#8211;&nbsp;15.55&nbsp;&nbsp;&nbsp;&nbsp;&nbsp;&nbsp;&nbsp;&nbsp;Zaopatrzenie urazu skalpacyjnego r\u0119ki z wykorzystaniem nowoczesnych technik mikrochirurgicznych &#8211; opis przypadku &#8211; Micha\u0142 Lis, Jaros\u0142aw \u015amieszek (Krak\u00f3w)<\/p>\n\n\n\n<p>15.55&nbsp;&#8211; 16.05&nbsp;&nbsp;&nbsp;&nbsp;&nbsp;&nbsp;&nbsp;&nbsp;Destabilizacja uda po rekonstrukcji ko\u015bci udowej osteogenez\u0105 dystrakcyjn\u0105 i&nbsp;sp. Capanna\u2026. co dalej? Opis przypadku. &#8211; Pawe\u0142 Maleta, Bartosz Ma\u0144kowski (Krak\u00f3w, Pozna\u0144)<\/p>\n\n\n\n<p>16.05&nbsp;&#8211; 16.25&nbsp;&nbsp;&nbsp;&nbsp;&nbsp;&nbsp;&nbsp;&nbsp;Dyskusja<\/p>\n\n\n\n<p>16.25&nbsp;&#8211; 16.40&nbsp;&nbsp;&nbsp;&nbsp;&nbsp;&nbsp;&nbsp;&nbsp;Przerwa kawowa<\/p>\n\n\n\n<p><strong>Sesja 3&nbsp;&nbsp;&nbsp;&nbsp;&nbsp;&nbsp;&nbsp;&nbsp;&nbsp;&nbsp;&nbsp;&nbsp;&nbsp;&nbsp;&nbsp;&nbsp;&nbsp;&nbsp;&nbsp;Replantacje, rewaskularyzacje, zmia\u017cd\u017cenia ko\u0144czyn<\/strong><\/p>\n\n\n\n<p>16.40&nbsp;&#8211; 16.55&nbsp;&nbsp;&nbsp;&nbsp;&nbsp;&nbsp;&nbsp;&nbsp;Replantacje kciuka i palc\u00f3w &#8211; Marcin Z\u0142otorowicz (Otwock)<\/p>\n\n\n\n<p>16.55&nbsp;&#8211;&nbsp;17.05&nbsp;&nbsp;&nbsp;&nbsp;&nbsp;&nbsp;&nbsp;&nbsp;Urazy obr\u0105czkowe w do\u015bwiadczeniu 5&nbsp;Wojskowego Szpitala Klinicznego&nbsp;\u2013 Pawe\u0142&nbsp;Maleta,&nbsp;Andrzej&nbsp;Pawelec,&nbsp;Jakub&nbsp;Marchewka,&nbsp;Mateusz&nbsp;Kaczmarczyk&nbsp;(Krak\u00f3w)<\/p>\n\n\n\n<p>17.05&nbsp;&nbsp;&#8211;&nbsp;17.15&nbsp;&nbsp;&nbsp;&nbsp;&nbsp;&nbsp;&nbsp;&nbsp;&nbsp;Chirurgia rekonstrukcyjna. Jak najpro\u015bciej uzyska\u0107 dobry wynik funkcjonalny? Replantacje nieanatomiczne, do\u015bwiadczenia w\u0142asne &#8211; Pawe\u0142 \u015awi\u0105tkiewicz,&nbsp;Pawe\u0142 Bacharewicz (Bia\u0142ystok, August\u00f3w)<\/p>\n\n\n\n<p>17.15&nbsp;&nbsp;&nbsp;&#8211;&nbsp;17.25&nbsp;&nbsp;&nbsp;&nbsp;&nbsp;&nbsp;&nbsp;&nbsp;&nbsp;Pierwotne zaopatrzenie z\u0142o\u017conych uraz\u00f3w ko\u0144czyny g\u00f3rnej u dzieci przed przekazaniem do o\u015brodka referencyjnego&nbsp;ma znaczenie&nbsp;&#8211; Maximilian \u015aliwi\u0144ski, Kaja Gi\u017cewska-Kacprzak, Ireneusz Walaszek (Szczecin)<\/p>\n\n\n\n<p>17.25&nbsp;&nbsp;&#8211; 17.35&nbsp;&nbsp;&nbsp;&nbsp;&nbsp;&nbsp;&nbsp;&nbsp;&nbsp;Policyzacja dystalnego paliczka palca IV &#8211; jako optymalne rozwi\u0105zanie rekonstrukcji cz\u0119\u015bciowych amputacji kciuka &#8211; Jerzy Jab\u0142ecki, Janusz Kaczmarzyk, Leszek Kaczmarzyk, Adam Domanasiewicz (Wroc\u0142aw)<\/p>\n\n\n\n<p>17.35&nbsp;&nbsp;&#8211; 17.45&nbsp;&nbsp;&nbsp;&nbsp;&nbsp;&nbsp;&nbsp;&nbsp;Wieloetapowa mikrochirurgiczna rekonstrukcja r\u0119ki po rozleg\u0142ym urazie zmia\u017cd\u017ceniowym z subtotaln\u0105 amputacj\u0105 \u015br\u00f3dr\u0119cza \u2013 opis przypadku &#8211; Jaros\u0142aw \u015amieszek, Micha\u0142 Lis (Krak\u00f3w)<\/p>\n\n\n\n<p>17.45&nbsp;&nbsp;&#8211; 17.55&nbsp;&nbsp;&nbsp;&nbsp;&nbsp;&nbsp;&nbsp;&nbsp;Mikrochirurgiczna rekonstrukcja kciuka &#8211; przyk\u0142ad zastosowania wolnego p\u0142ata pobranego z palucha (Trimmed Great Toe Flap) -Jaros\u0142aw \u015amieszek, Micha\u0142 Lis (Krak\u00f3w)<\/p>\n\n\n\n<p>17.55&nbsp;&nbsp;&#8211; 18.05&nbsp;&nbsp;&nbsp;&nbsp;&nbsp;&nbsp;&nbsp;&nbsp;Toe to hand transfer &#8211; Miros\u0142aw Kulmaczewski (Elbl\u0105g)<\/p>\n\n\n\n<p>18.05&nbsp;&#8211; 18.25&nbsp;&nbsp;&nbsp;&nbsp;&nbsp;&nbsp;&nbsp;&nbsp;Dyskusja<\/p>\n\n\n\n<p><strong>20.00&nbsp;&nbsp;&nbsp;&nbsp;&nbsp;&nbsp;&nbsp;&nbsp;&nbsp;&nbsp;&nbsp;&nbsp;&nbsp;&nbsp;&nbsp;&nbsp;&nbsp;&nbsp;&nbsp;&nbsp;&nbsp;Kolacja towarzyska&nbsp;<\/strong><\/p>\n\n\n\n<p><\/p>\n\n\n\n<hr class=\"wp-block-separator has-alpha-channel-opacity is-style-default\"\/>\n\n\n\n<p><strong>13 kwietnia 2024 r. (sobota)&nbsp;<\/strong><strong><\/strong><\/p>\n\n\n\n<p><strong>Sesja 4                  Sesja anestezjologiczna<em>.<\/em><\/strong><\/p>\n\n\n\n<p>9.00&nbsp;&nbsp;&#8211; 9.15&nbsp;&nbsp;&nbsp;&nbsp;&nbsp;&nbsp;&nbsp;&nbsp;&nbsp; &nbsp;Spazm naczyniowy &#8211; Bartosz Ma\u0144kowski (Pozna\u0144)<\/p>\n\n\n\n<p>9.15&nbsp;&nbsp;&nbsp;&#8211;&nbsp;9.30&nbsp;&nbsp;&nbsp;&nbsp;&nbsp;&nbsp;&nbsp;&nbsp; &nbsp;Znieczulenie w chirurgii rekonstrukcyjnej &#8211; Maciej Chru\u015bciel (Krak\u00f3w)<\/p>\n\n\n\n<p>9.30&nbsp;&nbsp;&#8211;&nbsp;9.40&nbsp;&nbsp;&nbsp;&nbsp;&nbsp;&nbsp;&nbsp;&nbsp;&nbsp; Wyzwania w prowadzeniu pacjenta dzieci\u0119cego po replantacji &#8211; perspektywa chirurga i anestezjologa &#8211; Kaja Gi\u017cewska-Kacprzak, Krzysztof Mikulski,&nbsp;Ireneusz Walaszek (Szczecin)<\/p>\n\n\n\n<p>9.40&nbsp;&nbsp;&#8211;&nbsp;9.50&nbsp;&nbsp;&nbsp;&nbsp;&nbsp;&nbsp;&nbsp;&nbsp; &nbsp;Post\u0119powanie anestezjologiczne podczas zabieg\u00f3w mikrochirurgicznych&nbsp;&#8211;&nbsp;Patrycja Le\u015bnik (Wroc\u0142aw)<\/p>\n\n\n\n<p>9.50&nbsp;&nbsp;&#8211;&nbsp;10.00&nbsp;&nbsp;&nbsp;&nbsp;&nbsp;&nbsp;&nbsp;&nbsp; Prehabilitacja i optymalizacja post\u0119powania oko\u0142ooperacyjnego&nbsp;&#8211;&nbsp;Arkadiusz Janusz (Wroc\u0142aw)<\/p>\n\n\n\n<p>10.00&nbsp;&#8211;&nbsp;10.10&nbsp;&nbsp;&nbsp;&nbsp;&nbsp;&nbsp;&nbsp;&nbsp;&nbsp;Ci\u0105g\u0142e znieczulenie splotowe jako element rehabilitacji pooperacyjnej \u2013 Katarzyna Cie\u015blik, Katarzyna Gontarz (Wroc\u0142aw)<\/p>\n\n\n\n<p>10.10&nbsp;&nbsp;&#8211;&nbsp;10.30&nbsp;&nbsp;&nbsp;&nbsp;&nbsp;&nbsp;&nbsp;&nbsp;Dyskusja<\/p>\n\n\n\n<p>10.30&nbsp;&#8211; 10.45&nbsp;&nbsp;&nbsp;&nbsp;&nbsp;&nbsp;&nbsp;&nbsp;Przerwa kawowa<\/p>\n\n\n\n<p><strong>Sesja 5&nbsp;&nbsp;&nbsp;&nbsp;&nbsp;&nbsp;&nbsp;&nbsp;&nbsp;&nbsp;&nbsp;&nbsp;&nbsp;&nbsp;&nbsp;&nbsp;&nbsp;&nbsp;&nbsp;Niemikrochirurgiczne techniki rekonstrukcyjne<\/strong><\/p>\n\n\n\n<p>10.45&nbsp;&#8211; 11.30&nbsp;&nbsp;&nbsp;&nbsp;&nbsp;&nbsp;&nbsp;&nbsp;&nbsp;Rekonstrukcje p\u0142atami lokalnymi uszypu\u0142owanymi \u2013 alternatywa do mikrochirurgii &#8211; Piotr Prowans (Szczecin)<\/p>\n\n\n\n<p>11.30&nbsp;&nbsp;&#8211; 11.40&nbsp;&nbsp;&nbsp;&nbsp;&nbsp;&nbsp;&nbsp;&nbsp;&nbsp;Rekonstrukcja rozleg\u0142ego ubytku pow\u0142ok okolicy grzbietu systemem Dermaclose &#8211; opis przypadku &#8211; Mateusz Kaczmarczyk, Pawe\u0142 Maleta, Andrzej Pawelec, Jakub Marchewka, \u0141ukasz Wawrzyniak (Krak\u00f3w)&nbsp;<\/p>\n\n\n\n<p>11.40&nbsp;&nbsp;&#8211; 11.50&nbsp;&nbsp;&nbsp;&nbsp;&nbsp;&nbsp;&nbsp;&nbsp;&nbsp;A jak nie mikro to co \u2026? &#8211; Karol Szyma\u0144ski (Pozna\u0144)<\/p>\n\n\n\n<p>11.50&nbsp;&nbsp;&#8211; 12.00&nbsp;&nbsp;&nbsp;&nbsp;&nbsp;&nbsp;&nbsp;&nbsp;Terapia podci\u015bnieniowa \u2013 nie tylko dla or\u0142\u00f3w -Bartosz Ma\u0144kowski (Pozna\u0144)<\/p>\n\n\n\n<p>12.00&nbsp;&#8211; 12.10&nbsp;&nbsp;&nbsp;&nbsp;&nbsp;&nbsp;&nbsp;&nbsp;&nbsp;Rekonstrukcje ubytk\u00f3w tkanek mi\u0119kkich w okolicy kr\u0119gos\u0142upa l\u0119d\u017awiowo krzy\u017cowego &#8211; Adam Domanasiewicz, Pawe\u0142 Maleta (Wroc\u0142aw, Krak\u00f3w)<\/p>\n\n\n\n<p>12.10&nbsp;&nbsp;&#8211; 12.20&nbsp;&nbsp;&nbsp;&nbsp;&nbsp;&nbsp;&nbsp;&nbsp;Rekonstrukcje ubytk\u00f3w tkanek mi\u0119kkich w okolicy obojczyka &#8211; Adam Domanasiewicz (Wroc\u0142aw)<\/p>\n\n\n\n<p>12.20&nbsp;&nbsp;&#8211; 12.40&nbsp;&nbsp;&nbsp;&nbsp;&nbsp;&nbsp;&nbsp;Dyskusja<\/p>\n\n\n\n<p>12.40&nbsp;&#8211;&nbsp;13.00&nbsp;&nbsp;&nbsp;&nbsp;&nbsp;&nbsp;&nbsp;&nbsp;Przerwa kawowa<\/p>\n\n\n\n<p><strong>Sesja 6&nbsp;&nbsp;&nbsp;&nbsp;&nbsp;&nbsp;&nbsp;&nbsp;&nbsp;&nbsp;&nbsp;&nbsp;&nbsp;&nbsp;&nbsp;&nbsp;&nbsp;&nbsp;&nbsp;Rekonstrukcje nerw\u00f3w<\/strong><\/p>\n\n\n\n<p>13.00&nbsp;&#8211; 13.30&nbsp;&nbsp;&nbsp;&nbsp;&nbsp;&nbsp;&nbsp;&nbsp;Prezentacja firm sponsor\u00f3w zjazdu<\/p>\n\n\n\n<p>13.30&nbsp;&nbsp;&#8211; 13.50&nbsp;&nbsp;&nbsp;&nbsp;&nbsp;&nbsp;&nbsp;Zasady post\u0119powania w urazowych uszkodzeniach nerw\u00f3w i splot\u00f3w nerwowych&nbsp;&#8211;&nbsp;Jerzy Gosk, Jacek Martynkiewicz, Adam Domanasiewicz (Wroc\u0142aw)&nbsp;<\/p>\n\n\n\n<p>13.50&nbsp;&#8211; 14.00&nbsp;&nbsp;&nbsp;&nbsp;&nbsp;&nbsp;&nbsp;&nbsp;Nowoczesne sposoby rekonstrukcji uszkodze\u0144 obwodowego uk\u0142adu nerwowego \u2013 Jacek Martynkiewicz (Wroc\u0142aw)<\/p>\n\n\n\n<p>14.00&nbsp;&#8211;&nbsp;14.10&nbsp;&nbsp;&nbsp;&nbsp;&nbsp;&nbsp;&nbsp;&nbsp;&nbsp;Uszkodzenia splotu l\u0119d\u017awiowo&nbsp;&#8211; krzy\u017cowego, mo\u017cliwo\u015bci&nbsp;terapeutyczne, w\u0142asne do\u015bwiadczenia&nbsp;&#8211;&nbsp;Jacek Martynkiewicz, Adam Domanasiewicz, Jerzy Gosk (Wroc\u0142aw)<\/p>\n\n\n\n<p>14.10&nbsp;&nbsp;&#8211; 14.30&nbsp;&nbsp;&nbsp;&nbsp;&nbsp;&nbsp;&nbsp; Dyskusja<\/p>\n\n\n\n<p><strong>14.30&nbsp;&#8211;&nbsp;14.35&nbsp;&nbsp;&nbsp;&nbsp;&nbsp;&nbsp;&nbsp;Zamkni\u0119cie&nbsp;II&nbsp;Zjazdu PTChRNR&nbsp;<\/strong><\/p>\n\n\n\n<p><strong>14.45&nbsp;&nbsp;&nbsp;&nbsp;&nbsp;&nbsp;&nbsp;&nbsp;&nbsp;&nbsp;&nbsp;&nbsp;&nbsp;&nbsp;&nbsp;&nbsp;&nbsp;&nbsp;&nbsp;&nbsp;&nbsp;&nbsp;Lunch<\/strong><\/p>\n\n\n\n<p class=\"has-text-align-center\"><strong>Komitet organizacyjny Zjazdu:<\/strong><\/p>\n\n\n\n<p class=\"has-text-align-center\">Bartosz Ma\u0144kowski<\/p>\n\n\n\n<p class=\"has-text-align-center\">Pawe\u0142&nbsp;Maleta<\/p>\n\n\n\n<p class=\"has-text-align-center\">Jakub Marchewka<\/p>\n\n\n\n<p><\/p>\n\n\n\n<p class=\"has-text-align-center\"><strong><a href=\"https:\/\/www.ptchrnr.pl\/en\/news\/ii-zjazd-polskiego-towarzystwa-chirurgii-rekonstrukcyjnej-narzadu-ruchu\/\">Relacja z II Zjazdu PTChRNR<\/a><\/strong><\/p>\n\n\n\n<p><\/p>\n\n\n\n<p><\/p>\n\n\n\n<hr class=\"wp-block-separator has-alpha-channel-opacity is-style-default\"\/>\n\n\n\n<p class=\"has-text-align-center\"><strong>Sponsorzy wydarzenia:<\/strong><\/p>\n\n\n\n<figure class=\"wp-block-image size-full\"><img loading=\"lazy\" decoding=\"async\" width=\"1012\" height=\"468\" src=\"https:\/\/www.ptchrnr.pl\/wp-content\/uploads\/2024\/04\/image-2.png\" alt=\"\" class=\"wp-image-916\" srcset=\"https:\/\/www.ptchrnr.pl\/wp-content\/uploads\/2024\/04\/image-2.png 1012w, https:\/\/www.ptchrnr.pl\/wp-content\/uploads\/2024\/04\/image-2-300x139.png 300w, https:\/\/www.ptchrnr.pl\/wp-content\/uploads\/2024\/04\/image-2-768x355.png 768w, https:\/\/www.ptchrnr.pl\/wp-content\/uploads\/2024\/04\/image-2-18x8.png 18w, https:\/\/www.ptchrnr.pl\/wp-content\/uploads\/2024\/04\/image-2-240x111.png 240w\" sizes=\"auto, (max-width: 1012px) 100vw, 1012px\" \/><\/figure>\n\n\n\n<p><\/p>\n\n\n\n<p><\/p>","protected":false},"excerpt":{"rendered":"<p>\u201eOrtoplastyka\u201d II Zjazd Naukowo-Szkoleniowy&nbsp; Polskiego Towarzystwa Chirurgii Rekonstrukcyjnej Narz\u0105du Ruchu 11 &#8211; 13 kwietnia 2024 r. Zamek w Mosznej Miejsce obrad: Zamek w Mosznej Moszna, ul. Zamkowa 1, 47-370 Zielina Program Zjazdu 11 kwietnia 2024&nbsp;r. (czwartek) 20.00&nbsp;&nbsp;&nbsp;&nbsp;&nbsp;&nbsp;&nbsp;&nbsp;&nbsp;&nbsp;&nbsp;&nbsp;&nbsp;&nbsp;&nbsp;&nbsp;&nbsp;&nbsp;&nbsp;&nbsp;&nbsp;&nbsp;&nbsp;Kolacja towarzyska 12 kwietnia 2024 r. (pi\u0105tek) 08.30 &#8211; 10.30&nbsp;&nbsp;&nbsp;&nbsp;&nbsp;&nbsp;&nbsp;&nbsp;&nbsp;Zwyczajne Walne Zebranie Cz\u0142onk\u00f3w PTChRNR&nbsp;(I termin 8:30, II termin 8:45) [&hellip;]<\/p>","protected":false},"author":1,"featured_media":0,"parent":0,"menu_order":0,"comment_status":"closed","ping_status":"closed","template":"","meta":{"footnotes":""},"class_list":["post-874","page","type-page","status-publish","hentry"],"_links":{"self":[{"href":"https:\/\/www.ptchrnr.pl\/en\/wp-json\/wp\/v2\/pages\/874","targetHints":{"allow":["GET"]}}],"collection":[{"href":"https:\/\/www.ptchrnr.pl\/en\/wp-json\/wp\/v2\/pages"}],"about":[{"href":"https:\/\/www.ptchrnr.pl\/en\/wp-json\/wp\/v2\/types\/page"}],"author":[{"embeddable":true,"href":"https:\/\/www.ptchrnr.pl\/en\/wp-json\/wp\/v2\/users\/1"}],"replies":[{"embeddable":true,"href":"https:\/\/www.ptchrnr.pl\/en\/wp-json\/wp\/v2\/comments?post=874"}],"version-history":[{"count":32,"href":"https:\/\/www.ptchrnr.pl\/en\/wp-json\/wp\/v2\/pages\/874\/revisions"}],"predecessor-version":[{"id":946,"href":"https:\/\/www.ptchrnr.pl\/en\/wp-json\/wp\/v2\/pages\/874\/revisions\/946"}],"wp:attachment":[{"href":"https:\/\/www.ptchrnr.pl\/en\/wp-json\/wp\/v2\/media?parent=874"}],"curies":[{"name":"wp","href":"https:\/\/api.w.org\/{rel}","templated":true}]}}